{"id":1767,"date":"2016-03-30T13:42:58","date_gmt":"2016-03-30T12:42:58","guid":{"rendered":"http:\/\/www.maresmefilmfestival.com\/es\/el-festival\/beach-festival\/"},"modified":"2025-08-21T10:05:59","modified_gmt":"2025-08-21T09:05:59","slug":"beach-festival","status":"publish","type":"page","link":"https:\/\/www.maresmefilmfestival.com\/es\/el-festival\/beach-festival\/","title":{"rendered":"Beach Festival"},"content":{"rendered":"<div class=\"wpb-content-wrapper\"><p>[vc_row][vc_column][vc_text_separator title=\u00bbBEACH FESTIVAL\u00bb][vc_column_text css=\u00bb\u00bb]Las pel\u00edculas del <strong>Beach Festival<\/strong> se proyectar\u00e1n en una pantalla grande en la playa d\u00f3nde est\u00e1 ubicado nuestro colaborador, XIRI 9 (playa grande de Calella) a las 21.30h. Es una actividad GRATUITA.[\/vc_column_text][\/vc_column][\/vc_row][vc_row][vc_column width=\u00bb1\/4&#8243;][vc_single_image image=\u00bb11205&#8243; img_size=\u00bbfull\u00bb css=\u00bb\u00bb][\/vc_column][vc_column width=\u00bb3\/4&#8243;][vc_column_text css=\u00bb\u00bb]<\/p>\n<p style=\"text-align: justify;\"><strong>Jueves 31 de Julio<\/strong>\u00a0| 21:30h<\/p>\n<h2 style=\"text-align: justify;\"><strong><span style=\"color: #d3ab1d;\">Guardiana de Dragones<\/span><\/strong><\/h2>\n<p><strong>Sinopsis<\/strong><\/p>\n<p><span class=\"jCAhz ChMk0b\"><span class=\"ryNqvb\">Tiempo oscuro en el antiguo imperio chino. Los dragones, anta\u00f1o amigos y sabios aliados de los hombres, llevan a\u00f1os perseguidos y enjaulados. En una lejana fortaleza, una joven ayuda al \u00faltimo drag\u00f3n vive a escapar de su cautiverio y se une a \u00e9l en una trepidante aventura para recuperar su m\u00e1s preciado tesoro: el \u00faltimo huevo de drag\u00f3n, robado por un malvado embrujador que desea el poder que en \u00e9l reside para conseguir la inmortalidad. Perseguida por los ej\u00e9rcitos del Emperador, esta extra\u00f1a pareja se embarca en un apasionante viaje a trav\u00e9s de China, en el que ambos aprender\u00e1n a crecer juntos y confiar el uno en el otro.<\/span><\/span><\/p>\n<p><strong>Direcci\u00f3n:<\/strong> Salvador Sim\u00f3 (Xina Espanya 2023)<br \/>\n<strong>Duraci\u00f3n:<\/strong> 99 minutos<br \/>\n<strong>G\u00e9nero:<\/strong> Animaci\u00f3n. Aventuras. Fant\u00e1stico<br \/>\n<strong>Idioma: <\/strong>Catalan[\/vc_column_text][vc_btn title=\u00bbVER TR\u00c1ILER\u00bb style=\u00bbgradient\u00bb gradient_color_1=\u00bbblack\u00bb gradient_color_2=\u00bbgrey\u00bb shape=\u00bbround\u00bb size=\u00bbsm\u00bb css=\u00bb\u00bb link=\u00bburl:https%3A%2F%2Fyoutu.be%2Fy3NN06C_YEM%3Fsi%3DToEEAymCYrTJqMIX|target:_blank\u00bb][\/vc_column][\/vc_row][vc_row][vc_column][vc_separator border_width=\u00bb2&#8243;][\/vc_column][\/vc_row][vc_row][vc_column width=\u00bb1\/4&#8243;][vc_single_image image=\u00bb11208&#8243; img_size=\u00bbfull\u00bb css=\u00bb\u00bb][\/vc_column][vc_column width=\u00bb3\/4&#8243;][vc_column_text css=\u00bb\u00bb]<\/p>\n<p style=\"text-align: justify;\"><strong>Jueves 7 de Agosto<\/strong> | 21:30h<\/p>\n<h2 style=\"text-align: justify;\"><strong><span style=\"color: #d3ab1d;\">Harry Potter y el prisionero de Azkaban<\/span><\/strong><\/h2>\n<p><strong>Sinops<\/strong><strong>is<\/strong><\/p>\n<p>Cuando Harry Potter y sus amigos vuelven a Hogwarts para cursar su tercer a\u00f1o de estudios, se ven involucrados en un misterio: de la prisi\u00f3n para magos de Azkaban se ha fugado Sirius Black, un peligroso mago que fue c\u00f3mplice de Lord Voldemort y que intentar\u00e1 vengarse de Harry Potter. El joven aprendiz de mago contribuy\u00f3 en gran medida a la condena de Sirius, por lo que hay razones para temer por su vida.<\/p>\n<p><strong>Direcci\u00f3n:<\/strong> Alfonso Cuar\u00f3n<br \/>\n<strong>Duraci\u00f3n:<\/strong> 137 minutos<br \/>\n<strong>G\u00e9nero:<\/strong> Fant\u00e1stico. Aventuras. Drama | Magia. Viajes en el tiempo. Hombres lobo. Young Adult. Secuela<br \/>\n<strong>Idioma:<\/strong> Catalan[\/vc_column_text][vc_btn title=\u00bbVER TR\u00c1ILER\u00bb style=\u00bbgradient\u00bb gradient_color_1=\u00bbblack\u00bb gradient_color_2=\u00bbgrey\u00bb shape=\u00bbround\u00bb size=\u00bbsm\u00bb css=\u00bb\u00bb link=\u00bburl:https%3A%2F%2Fyoutu.be%2FNXJi6yJEXTw%3Fsi%3D-CYWm4Pmk-QUL5-v|target:_blank\u00bb][\/vc_column][\/vc_row][vc_row][vc_column][vc_separator border_width=\u00bb2&#8243;][\/vc_column][\/vc_row][vc_row][vc_column width=\u00bb1\/4&#8243;][vc_single_image image=\u00bb11202&#8243; img_size=\u00bbfull\u00bb css=\u00bb\u00bb][\/vc_column][vc_column width=\u00bb3\/4&#8243;][vc_column_text css=\u00bb\u00bb]<\/p>\n<p style=\"text-align: justify;\"><strong>Jueves 28 de Agosto<\/strong> | 21:30h<\/p>\n<h2 style=\"text-align: justify;\"><strong><span style=\"color: #d3ab1d;\">Wicked<\/span><\/strong><\/h2>\n<p><strong>Sinopsis<\/strong><\/p>\n<p>Ambientada en la Tierra de Oz, mucho antes de la llegada de Dorothy Gale desde Kansas. Elphaba es una joven incomprendida por su inusual color verde que a\u00fan no ha descubierto su verdadero poder. Glinda es una popular joven marcada por sus privilegios y su ambici\u00f3n que a\u00fan no ha descubierto su verdadera pasi\u00f3n. Las dos se conocen como estudiantes de la Universidad Shiz, en la fant\u00e1stica Tierra de Oz, y forjan una ins\u00f3lita pero profunda amistad. La trama abarca los acontecimientos del primer acto del musical de Broadway.<\/p>\n<p><strong>Direcci\u00f3n:<\/strong> Jon M. Chu<br \/>\n<strong>Duraci\u00f3n:<\/strong> 160 minutos<br \/>\n<strong>G\u00e9nero:<\/strong> Musical. Fant\u00e1stico. Comedia. Aventuras | Brujer\u00eda. Magia. Colegios &amp; Universidad<br \/>\n<strong>Idioma:<\/strong> VO[\/vc_column_text][vc_btn title=\u00bbVER TR\u00c1ILER\u00bb style=\u00bbgradient\u00bb gradient_color_1=\u00bbblack\u00bb gradient_color_2=\u00bbgrey\u00bb shape=\u00bbround\u00bb size=\u00bbsm\u00bb css=\u00bb\u00bb link=\u00bburl:https%3A%2F%2Fyoutu.be%2Fe8_dFlrva44%3Fsi%3DbwV8ay8YTx4vXv-C|target:_blank\u00bb][\/vc_column][\/vc_row][vc_row][vc_column][vc_separator border_width=\u00bb2&#8243;][\/vc_column][\/vc_row]<\/p>\n<\/div>","protected":false},"excerpt":{"rendered":"<p>[vc_row][vc_column][vc_text_separator title=\u00bbBEACH FESTIVAL\u00bb][vc_column_text css=\u00bb\u00bb]Las pel\u00edculas del Beach Festival se proyectar\u00e1n en una pantalla grande en la playa d\u00f3nde est\u00e1 ubicado nuestro colaborador, XIRI 9 (playa grande de Calella) a las [&hellip;]<\/p>\n","protected":false},"author":1,"featured_media":7869,"parent":1758,"menu_order":0,"comment_status":"closed","ping_status":"closed","template":"","meta":{"footnotes":""},"class_list":["post-1767","page","type-page","status-publish","has-post-thumbnail","hentry"],"yoast_head":"<!-- This site is optimized with the Yoast SEO plugin v27.5 - https:\/\/yoast.com\/product\/yoast-seo-wordpress\/ -->\n<title>Beach Festival - Calella Film Festival<\/title>\n<meta name=\"robots\" content=\"index, follow, max-snippet:-1, max-image-preview:large, max-video-preview:-1\" \/>\n<link rel=\"canonical\" href=\"https:\/\/www.maresmefilmfestival.com\/es\/el-festival\/beach-festival\/\" \/>\n<meta property=\"og:locale\" content=\"es_ES\" \/>\n<meta property=\"og:type\" content=\"article\" \/>\n<meta property=\"og:title\" content=\"Beach Festival - Calella Film Festival\" \/>\n<meta property=\"og:description\" content=\"[vc_row][vc_column][vc_text_separator title=\u00bbBEACH FESTIVAL\u00bb][vc_column_text css=\u00bb\u00bb]Las pel\u00edculas del Beach Festival se proyectar\u00e1n en una pantalla grande en la playa d\u00f3nde est\u00e1 ubicado nuestro colaborador, XIRI 9 (playa grande de Calella) a las [&hellip;]\" \/>\n<meta property=\"og:url\" content=\"https:\/\/www.maresmefilmfestival.com\/es\/el-festival\/beach-festival\/\" \/>\n<meta property=\"og:site_name\" content=\"Calella Film Festival\" \/>\n<meta property=\"article:publisher\" content=\"https:\/\/www.facebook.com\/Festival-de-Cinema-de-Calella-536425489872034\/?ref=hl\" \/>\n<meta property=\"article:modified_time\" content=\"2025-08-21T09:05:59+00:00\" \/>\n<meta property=\"og:image\" content=\"https:\/\/www.maresmefilmfestival.com\/wp-content\/uploads\/2020\/07\/BannerBeachFestival_v3.jpg\" \/>\n\t<meta property=\"og:image:width\" content=\"530\" \/>\n\t<meta property=\"og:image:height\" content=\"455\" \/>\n\t<meta property=\"og:image:type\" content=\"image\/jpeg\" \/>\n<meta name=\"twitter:card\" content=\"summary_large_image\" \/>\n<meta name=\"twitter:site\" content=\"@CalellaFilmFest\" \/>\n<meta name=\"twitter:label1\" content=\"Tiempo de lectura\" \/>\n\t<meta name=\"twitter:data1\" content=\"3 minutos\" \/>\n<script type=\"application\/ld+json\" class=\"yoast-schema-graph\">{\"@context\":\"https:\\\/\\\/schema.org\",\"@graph\":[{\"@type\":\"WebPage\",\"@id\":\"https:\\\/\\\/www.maresmefilmfestival.com\\\/es\\\/el-festival\\\/beach-festival\\\/\",\"url\":\"https:\\\/\\\/www.maresmefilmfestival.com\\\/es\\\/el-festival\\\/beach-festival\\\/\",\"name\":\"Beach Festival - Calella Film Festival\",\"isPartOf\":{\"@id\":\"https:\\\/\\\/www.maresmefilmfestival.com\\\/es\\\/#website\"},\"primaryImageOfPage\":{\"@id\":\"https:\\\/\\\/www.maresmefilmfestival.com\\\/es\\\/el-festival\\\/beach-festival\\\/#primaryimage\"},\"image\":{\"@id\":\"https:\\\/\\\/www.maresmefilmfestival.com\\\/es\\\/el-festival\\\/beach-festival\\\/#primaryimage\"},\"thumbnailUrl\":\"https:\\\/\\\/www.maresmefilmfestival.com\\\/wp-content\\\/uploads\\\/2020\\\/07\\\/BannerBeachFestival_v3.jpg\",\"datePublished\":\"2016-03-30T12:42:58+00:00\",\"dateModified\":\"2025-08-21T09:05:59+00:00\",\"breadcrumb\":{\"@id\":\"https:\\\/\\\/www.maresmefilmfestival.com\\\/es\\\/el-festival\\\/beach-festival\\\/#breadcrumb\"},\"inLanguage\":\"es\",\"potentialAction\":[{\"@type\":\"ReadAction\",\"target\":[\"https:\\\/\\\/www.maresmefilmfestival.com\\\/es\\\/el-festival\\\/beach-festival\\\/\"]}]},{\"@type\":\"ImageObject\",\"inLanguage\":\"es\",\"@id\":\"https:\\\/\\\/www.maresmefilmfestival.com\\\/es\\\/el-festival\\\/beach-festival\\\/#primaryimage\",\"url\":\"https:\\\/\\\/www.maresmefilmfestival.com\\\/wp-content\\\/uploads\\\/2020\\\/07\\\/BannerBeachFestival_v3.jpg\",\"contentUrl\":\"https:\\\/\\\/www.maresmefilmfestival.com\\\/wp-content\\\/uploads\\\/2020\\\/07\\\/BannerBeachFestival_v3.jpg\",\"width\":530,\"height\":455},{\"@type\":\"BreadcrumbList\",\"@id\":\"https:\\\/\\\/www.maresmefilmfestival.com\\\/es\\\/el-festival\\\/beach-festival\\\/#breadcrumb\",\"itemListElement\":[{\"@type\":\"ListItem\",\"position\":1,\"name\":\"Portada\",\"item\":\"https:\\\/\\\/www.maresmefilmfestival.com\\\/es\\\/\"},{\"@type\":\"ListItem\",\"position\":2,\"name\":\"EL FESTIVAL\",\"item\":\"https:\\\/\\\/www.maresmefilmfestival.com\\\/es\\\/el-festival\\\/\"},{\"@type\":\"ListItem\",\"position\":3,\"name\":\"Beach Festival\"}]},{\"@type\":\"WebSite\",\"@id\":\"https:\\\/\\\/www.maresmefilmfestival.com\\\/es\\\/#website\",\"url\":\"https:\\\/\\\/www.maresmefilmfestival.com\\\/es\\\/\",\"name\":\"Calella Film Festival\",\"description\":\"Festival de Cinema\",\"potentialAction\":[{\"@type\":\"SearchAction\",\"target\":{\"@type\":\"EntryPoint\",\"urlTemplate\":\"https:\\\/\\\/www.maresmefilmfestival.com\\\/es\\\/?s={search_term_string}\"},\"query-input\":{\"@type\":\"PropertyValueSpecification\",\"valueRequired\":true,\"valueName\":\"search_term_string\"}}],\"inLanguage\":\"es\"}]}<\/script>\n<!-- \/ Yoast SEO plugin. -->","yoast_head_json":{"title":"Beach Festival - Calella Film Festival","robots":{"index":"index","follow":"follow","max-snippet":"max-snippet:-1","max-image-preview":"max-image-preview:large","max-video-preview":"max-video-preview:-1"},"canonical":"https:\/\/www.maresmefilmfestival.com\/es\/el-festival\/beach-festival\/","og_locale":"es_ES","og_type":"article","og_title":"Beach Festival - Calella Film Festival","og_description":"[vc_row][vc_column][vc_text_separator title=\u00bbBEACH FESTIVAL\u00bb][vc_column_text css=\u00bb\u00bb]Las pel\u00edculas del Beach Festival se proyectar\u00e1n en una pantalla grande en la playa d\u00f3nde est\u00e1 ubicado nuestro colaborador, XIRI 9 (playa grande de Calella) a las [&hellip;]","og_url":"https:\/\/www.maresmefilmfestival.com\/es\/el-festival\/beach-festival\/","og_site_name":"Calella Film Festival","article_publisher":"https:\/\/www.facebook.com\/Festival-de-Cinema-de-Calella-536425489872034\/?ref=hl","article_modified_time":"2025-08-21T09:05:59+00:00","og_image":[{"width":530,"height":455,"url":"https:\/\/www.maresmefilmfestival.com\/wp-content\/uploads\/2020\/07\/BannerBeachFestival_v3.jpg","type":"image\/jpeg"}],"twitter_card":"summary_large_image","twitter_site":"@CalellaFilmFest","twitter_misc":{"Tiempo de lectura":"3 minutos"},"schema":{"@context":"https:\/\/schema.org","@graph":[{"@type":"WebPage","@id":"https:\/\/www.maresmefilmfestival.com\/es\/el-festival\/beach-festival\/","url":"https:\/\/www.maresmefilmfestival.com\/es\/el-festival\/beach-festival\/","name":"Beach Festival - Calella Film Festival","isPartOf":{"@id":"https:\/\/www.maresmefilmfestival.com\/es\/#website"},"primaryImageOfPage":{"@id":"https:\/\/www.maresmefilmfestival.com\/es\/el-festival\/beach-festival\/#primaryimage"},"image":{"@id":"https:\/\/www.maresmefilmfestival.com\/es\/el-festival\/beach-festival\/#primaryimage"},"thumbnailUrl":"https:\/\/www.maresmefilmfestival.com\/wp-content\/uploads\/2020\/07\/BannerBeachFestival_v3.jpg","datePublished":"2016-03-30T12:42:58+00:00","dateModified":"2025-08-21T09:05:59+00:00","breadcrumb":{"@id":"https:\/\/www.maresmefilmfestival.com\/es\/el-festival\/beach-festival\/#breadcrumb"},"inLanguage":"es","potentialAction":[{"@type":"ReadAction","target":["https:\/\/www.maresmefilmfestival.com\/es\/el-festival\/beach-festival\/"]}]},{"@type":"ImageObject","inLanguage":"es","@id":"https:\/\/www.maresmefilmfestival.com\/es\/el-festival\/beach-festival\/#primaryimage","url":"https:\/\/www.maresmefilmfestival.com\/wp-content\/uploads\/2020\/07\/BannerBeachFestival_v3.jpg","contentUrl":"https:\/\/www.maresmefilmfestival.com\/wp-content\/uploads\/2020\/07\/BannerBeachFestival_v3.jpg","width":530,"height":455},{"@type":"BreadcrumbList","@id":"https:\/\/www.maresmefilmfestival.com\/es\/el-festival\/beach-festival\/#breadcrumb","itemListElement":[{"@type":"ListItem","position":1,"name":"Portada","item":"https:\/\/www.maresmefilmfestival.com\/es\/"},{"@type":"ListItem","position":2,"name":"EL FESTIVAL","item":"https:\/\/www.maresmefilmfestival.com\/es\/el-festival\/"},{"@type":"ListItem","position":3,"name":"Beach Festival"}]},{"@type":"WebSite","@id":"https:\/\/www.maresmefilmfestival.com\/es\/#website","url":"https:\/\/www.maresmefilmfestival.com\/es\/","name":"Calella Film Festival","description":"Festival de Cinema","potentialAction":[{"@type":"SearchAction","target":{"@type":"EntryPoint","urlTemplate":"https:\/\/www.maresmefilmfestival.com\/es\/?s={search_term_string}"},"query-input":{"@type":"PropertyValueSpecification","valueRequired":true,"valueName":"search_term_string"}}],"inLanguage":"es"}]}},"_links":{"self":[{"href":"https:\/\/www.maresmefilmfestival.com\/es\/wp-json\/wp\/v2\/pages\/1767","targetHints":{"allow":["GET"]}}],"collection":[{"href":"https:\/\/www.maresmefilmfestival.com\/es\/wp-json\/wp\/v2\/pages"}],"about":[{"href":"https:\/\/www.maresmefilmfestival.com\/es\/wp-json\/wp\/v2\/types\/page"}],"author":[{"embeddable":true,"href":"https:\/\/www.maresmefilmfestival.com\/es\/wp-json\/wp\/v2\/users\/1"}],"replies":[{"embeddable":true,"href":"https:\/\/www.maresmefilmfestival.com\/es\/wp-json\/wp\/v2\/comments?post=1767"}],"version-history":[{"count":0,"href":"https:\/\/www.maresmefilmfestival.com\/es\/wp-json\/wp\/v2\/pages\/1767\/revisions"}],"up":[{"embeddable":true,"href":"https:\/\/www.maresmefilmfestival.com\/es\/wp-json\/wp\/v2\/pages\/1758"}],"wp:featuredmedia":[{"embeddable":true,"href":"https:\/\/www.maresmefilmfestival.com\/es\/wp-json\/wp\/v2\/media\/7869"}],"wp:attachment":[{"href":"https:\/\/www.maresmefilmfestival.com\/es\/wp-json\/wp\/v2\/media?parent=1767"}],"curies":[{"name":"wp","href":"https:\/\/api.w.org\/{rel}","templated":true}]}}