{"id":10604,"date":"2024-10-10T12:38:20","date_gmt":"2024-10-10T11:38:20","guid":{"rendered":"https:\/\/www.maresmefilmfestival.com\/un-sol-radiant\/"},"modified":"2024-10-15T10:03:19","modified_gmt":"2024-10-15T09:03:19","slug":"un-sol-radiant","status":"publish","type":"page","link":"https:\/\/www.maresmefilmfestival.com\/es\/creative-rosebud-awards-2\/un-sol-radiant\/","title":{"rendered":"Un sol Radiant"},"content":{"rendered":"<div class=\"wpb-content-wrapper\"><p>[vc_row][vc_column][\/vc_column][\/vc_row][vc_row][vc_column width=\u00bb1\/4&#8243;][vc_single_image image=\u00bb10434&#8243; img_size=\u00bbmedium\u00bb css=\u00bb\u00bb][vc_column_text][\/vc_column_text][\/vc_column][vc_column width=\u00bb3\/4&#8243;][vc_column_text css=\u00bb\u00bb]<strong>Un sol radiant<\/strong><\/p>\n<p>Mila (11) se enfrenta a los \u00faltimos d\u00edas de vida antes del fin del mundo. Mientras lucha por comprender la complejidad de la muerte, tambi\u00e9n intenta mantener unida a su familia celebrando una fiesta que tiene lugar el \u00faltimo d\u00eda de vida en la tierra.<br \/>\n\u00abEsta \u00f3pera prima, proyecto ganador del D&#8217;A Film Lab 2022, se convierte en un reverso sereno, luminoso y eminentemente femenino de la Melancol\u00eda de Lars von Trier o el 4:44 de Abel Ferrara, mirando a los ojos al apocalipsis con el inconformismo esperanzado de un alma joven que se niega a desaparecer.[\/vc_column_text][\/vc_column][\/vc_row][vc_row][vc_column width=\u00bb1\/2&#8243;][vc_column_text css=\u00bb\u00bb]<\/p>\n<h3 style=\"text-align: justify;\"><strong><span style=\"color: #d3ab1d;\">Datos Generales<\/span><\/strong><\/h3>\n<p class=\"p1\"><strong>T\u00edtol original: <\/strong>Un sol radiant<\/p>\n<p><strong>Any:<\/strong> 2024<\/p>\n<p class=\"p1\"><strong>Durada:<\/strong> 79 minuts<\/p>\n<p class=\"p1\"><b>Pa\u00eds de producci\u00f3: <\/b>Espanya<\/p>\n<p class=\"p1\"><strong>Direcci\u00f3:<\/strong> M\u00f2nica Cambra i Ariadna Fortuny<\/p>\n<p><strong>Repartiment:<\/strong> Laia Artigas, N\u00faria Prims, Nunu Sales, Jaume Villalta y Merc\u00e8 Pons<\/p>\n<p><strong>Productora:<\/strong> Atiende Films<\/p>\n<p class=\"p1\"><strong>Idioma: <\/strong>V.O.C<\/p>\n<p>[\/vc_column_text][\/vc_column][vc_column width=\u00bb1\/2&#8243;][vc_column_text css=\u00bb\u00bb]<\/p>\n<h3 style=\"text-align: justify;\"><strong><span style=\"color: #d3ab1d;\">G\u00e9nero<\/span><\/strong><\/h3>\n<p class=\"p1\">Drama<\/p>\n<h3><strong><span style=\"color: #d3ab1d;\">Tr\u00e1iler<\/span><\/strong><\/h3>\n<p>[\/vc_column_text][vc_video link=\u00bbhttps:\/\/youtu.be\/1r2tRiLQeAo?si=CBVmJIPYua1CO0ty\u00bb css=\u00bb\u00bb][\/vc_column][\/vc_row][vc_row][vc_column][\/vc_column][\/vc_row]<\/p>\n<\/div>","protected":false},"excerpt":{"rendered":"<p>[vc_row][vc_column][\/vc_column][\/vc_row][vc_row][vc_column width=\u00bb1\/4&#8243;][vc_single_image image=\u00bb10434&#8243; img_size=\u00bbmedium\u00bb css=\u00bb\u00bb][vc_column_text][\/vc_column_text][\/vc_column][vc_column width=\u00bb3\/4&#8243;][vc_column_text css=\u00bb\u00bb]Un sol radiant Mila (11) se enfrenta a los \u00faltimos d\u00edas de vida antes del fin del mundo. Mientras lucha por comprender la complejidad [&hellip;]<\/p>\n","protected":false},"author":1,"featured_media":0,"parent":10612,"menu_order":0,"comment_status":"closed","ping_status":"closed","template":"","meta":{"footnotes":""},"class_list":["post-10604","page","type-page","status-publish","hentry"],"yoast_head":"<!-- This site is optimized with the Yoast SEO plugin v27.5 - https:\/\/yoast.com\/product\/yoast-seo-wordpress\/ -->\n<title>Un sol Radiant - Calella Film Festival<\/title>\n<meta name=\"robots\" content=\"index, follow, max-snippet:-1, max-image-preview:large, max-video-preview:-1\" \/>\n<link rel=\"canonical\" href=\"https:\/\/www.maresmefilmfestival.com\/es\/creative-rosebud-awards-2\/un-sol-radiant\/\" \/>\n<meta property=\"og:locale\" content=\"es_ES\" \/>\n<meta property=\"og:type\" content=\"article\" \/>\n<meta property=\"og:title\" content=\"Un sol Radiant - Calella Film Festival\" \/>\n<meta property=\"og:description\" content=\"[vc_row][vc_column][\/vc_column][\/vc_row][vc_row][vc_column width=\u00bb1\/4&#8243;][vc_single_image image=\u00bb10434&#8243; img_size=\u00bbmedium\u00bb css=\u00bb\u00bb][vc_column_text][\/vc_column_text][\/vc_column][vc_column width=\u00bb3\/4&#8243;][vc_column_text css=\u00bb\u00bb]Un sol radiant Mila (11) se enfrenta a los \u00faltimos d\u00edas de vida antes del fin del mundo. Mientras lucha por comprender la complejidad [&hellip;]\" \/>\n<meta property=\"og:url\" content=\"https:\/\/www.maresmefilmfestival.com\/es\/creative-rosebud-awards-2\/un-sol-radiant\/\" \/>\n<meta property=\"og:site_name\" content=\"Calella Film Festival\" \/>\n<meta property=\"article:publisher\" content=\"https:\/\/www.facebook.com\/Festival-de-Cinema-de-Calella-536425489872034\/?ref=hl\" \/>\n<meta property=\"article:modified_time\" content=\"2024-10-15T09:03:19+00:00\" \/>\n<meta name=\"twitter:card\" content=\"summary_large_image\" \/>\n<meta name=\"twitter:site\" content=\"@CalellaFilmFest\" \/>\n<meta name=\"twitter:label1\" content=\"Tiempo de lectura\" \/>\n\t<meta name=\"twitter:data1\" content=\"1 minuto\" \/>\n<script type=\"application\/ld+json\" class=\"yoast-schema-graph\">{\"@context\":\"https:\\\/\\\/schema.org\",\"@graph\":[{\"@type\":\"WebPage\",\"@id\":\"https:\\\/\\\/www.maresmefilmfestival.com\\\/es\\\/creative-rosebud-awards-2\\\/un-sol-radiant\\\/\",\"url\":\"https:\\\/\\\/www.maresmefilmfestival.com\\\/es\\\/creative-rosebud-awards-2\\\/un-sol-radiant\\\/\",\"name\":\"Un sol Radiant - Calella Film Festival\",\"isPartOf\":{\"@id\":\"https:\\\/\\\/www.maresmefilmfestival.com\\\/es\\\/#website\"},\"datePublished\":\"2024-10-10T11:38:20+00:00\",\"dateModified\":\"2024-10-15T09:03:19+00:00\",\"breadcrumb\":{\"@id\":\"https:\\\/\\\/www.maresmefilmfestival.com\\\/es\\\/creative-rosebud-awards-2\\\/un-sol-radiant\\\/#breadcrumb\"},\"inLanguage\":\"es\",\"potentialAction\":[{\"@type\":\"ReadAction\",\"target\":[\"https:\\\/\\\/www.maresmefilmfestival.com\\\/es\\\/creative-rosebud-awards-2\\\/un-sol-radiant\\\/\"]}]},{\"@type\":\"BreadcrumbList\",\"@id\":\"https:\\\/\\\/www.maresmefilmfestival.com\\\/es\\\/creative-rosebud-awards-2\\\/un-sol-radiant\\\/#breadcrumb\",\"itemListElement\":[{\"@type\":\"ListItem\",\"position\":1,\"name\":\"Portada\",\"item\":\"https:\\\/\\\/www.maresmefilmfestival.com\\\/es\\\/\"},{\"@type\":\"ListItem\",\"position\":2,\"name\":\"Creative Rosebud Awards\",\"item\":\"https:\\\/\\\/www.maresmefilmfestival.com\\\/es\\\/creative-rosebud-awards-2\\\/\"},{\"@type\":\"ListItem\",\"position\":3,\"name\":\"Un sol Radiant\"}]},{\"@type\":\"WebSite\",\"@id\":\"https:\\\/\\\/www.maresmefilmfestival.com\\\/es\\\/#website\",\"url\":\"https:\\\/\\\/www.maresmefilmfestival.com\\\/es\\\/\",\"name\":\"Calella Film Festival\",\"description\":\"Festival de Cinema\",\"potentialAction\":[{\"@type\":\"SearchAction\",\"target\":{\"@type\":\"EntryPoint\",\"urlTemplate\":\"https:\\\/\\\/www.maresmefilmfestival.com\\\/es\\\/?s={search_term_string}\"},\"query-input\":{\"@type\":\"PropertyValueSpecification\",\"valueRequired\":true,\"valueName\":\"search_term_string\"}}],\"inLanguage\":\"es\"}]}<\/script>\n<!-- \/ Yoast SEO plugin. -->","yoast_head_json":{"title":"Un sol Radiant - Calella Film Festival","robots":{"index":"index","follow":"follow","max-snippet":"max-snippet:-1","max-image-preview":"max-image-preview:large","max-video-preview":"max-video-preview:-1"},"canonical":"https:\/\/www.maresmefilmfestival.com\/es\/creative-rosebud-awards-2\/un-sol-radiant\/","og_locale":"es_ES","og_type":"article","og_title":"Un sol Radiant - Calella Film Festival","og_description":"[vc_row][vc_column][\/vc_column][\/vc_row][vc_row][vc_column width=\u00bb1\/4&#8243;][vc_single_image image=\u00bb10434&#8243; img_size=\u00bbmedium\u00bb css=\u00bb\u00bb][vc_column_text][\/vc_column_text][\/vc_column][vc_column width=\u00bb3\/4&#8243;][vc_column_text css=\u00bb\u00bb]Un sol radiant Mila (11) se enfrenta a los \u00faltimos d\u00edas de vida antes del fin del mundo. Mientras lucha por comprender la complejidad [&hellip;]","og_url":"https:\/\/www.maresmefilmfestival.com\/es\/creative-rosebud-awards-2\/un-sol-radiant\/","og_site_name":"Calella Film Festival","article_publisher":"https:\/\/www.facebook.com\/Festival-de-Cinema-de-Calella-536425489872034\/?ref=hl","article_modified_time":"2024-10-15T09:03:19+00:00","twitter_card":"summary_large_image","twitter_site":"@CalellaFilmFest","twitter_misc":{"Tiempo de lectura":"1 minuto"},"schema":{"@context":"https:\/\/schema.org","@graph":[{"@type":"WebPage","@id":"https:\/\/www.maresmefilmfestival.com\/es\/creative-rosebud-awards-2\/un-sol-radiant\/","url":"https:\/\/www.maresmefilmfestival.com\/es\/creative-rosebud-awards-2\/un-sol-radiant\/","name":"Un sol Radiant - Calella Film Festival","isPartOf":{"@id":"https:\/\/www.maresmefilmfestival.com\/es\/#website"},"datePublished":"2024-10-10T11:38:20+00:00","dateModified":"2024-10-15T09:03:19+00:00","breadcrumb":{"@id":"https:\/\/www.maresmefilmfestival.com\/es\/creative-rosebud-awards-2\/un-sol-radiant\/#breadcrumb"},"inLanguage":"es","potentialAction":[{"@type":"ReadAction","target":["https:\/\/www.maresmefilmfestival.com\/es\/creative-rosebud-awards-2\/un-sol-radiant\/"]}]},{"@type":"BreadcrumbList","@id":"https:\/\/www.maresmefilmfestival.com\/es\/creative-rosebud-awards-2\/un-sol-radiant\/#breadcrumb","itemListElement":[{"@type":"ListItem","position":1,"name":"Portada","item":"https:\/\/www.maresmefilmfestival.com\/es\/"},{"@type":"ListItem","position":2,"name":"Creative Rosebud Awards","item":"https:\/\/www.maresmefilmfestival.com\/es\/creative-rosebud-awards-2\/"},{"@type":"ListItem","position":3,"name":"Un sol Radiant"}]},{"@type":"WebSite","@id":"https:\/\/www.maresmefilmfestival.com\/es\/#website","url":"https:\/\/www.maresmefilmfestival.com\/es\/","name":"Calella Film Festival","description":"Festival de Cinema","potentialAction":[{"@type":"SearchAction","target":{"@type":"EntryPoint","urlTemplate":"https:\/\/www.maresmefilmfestival.com\/es\/?s={search_term_string}"},"query-input":{"@type":"PropertyValueSpecification","valueRequired":true,"valueName":"search_term_string"}}],"inLanguage":"es"}]}},"_links":{"self":[{"href":"https:\/\/www.maresmefilmfestival.com\/es\/wp-json\/wp\/v2\/pages\/10604","targetHints":{"allow":["GET"]}}],"collection":[{"href":"https:\/\/www.maresmefilmfestival.com\/es\/wp-json\/wp\/v2\/pages"}],"about":[{"href":"https:\/\/www.maresmefilmfestival.com\/es\/wp-json\/wp\/v2\/types\/page"}],"author":[{"embeddable":true,"href":"https:\/\/www.maresmefilmfestival.com\/es\/wp-json\/wp\/v2\/users\/1"}],"replies":[{"embeddable":true,"href":"https:\/\/www.maresmefilmfestival.com\/es\/wp-json\/wp\/v2\/comments?post=10604"}],"version-history":[{"count":0,"href":"https:\/\/www.maresmefilmfestival.com\/es\/wp-json\/wp\/v2\/pages\/10604\/revisions"}],"up":[{"embeddable":true,"href":"https:\/\/www.maresmefilmfestival.com\/es\/wp-json\/wp\/v2\/pages\/10612"}],"wp:attachment":[{"href":"https:\/\/www.maresmefilmfestival.com\/es\/wp-json\/wp\/v2\/media?parent=10604"}],"curies":[{"name":"wp","href":"https:\/\/api.w.org\/{rel}","templated":true}]}}