{"id":10547,"date":"2024-10-10T10:22:43","date_gmt":"2024-10-10T09:22:43","guid":{"rendered":"https:\/\/www.maresmefilmfestival.com\/reflejos-en-una-habitacion\/"},"modified":"2024-10-10T12:21:27","modified_gmt":"2024-10-10T11:21:27","slug":"reflejos-en-una-habitacion","status":"publish","type":"page","link":"https:\/\/www.maresmefilmfestival.com\/es\/low-budget\/reflejos-en-una-habitacion\/","title":{"rendered":"Reflejos en una habitaci\u00f3n"},"content":{"rendered":"<div class=\"wpb-content-wrapper\"><p>[vc_row][vc_column width=\u00bb1\/4&#8243;][vc_single_image image=\u00bb10398&#8243; img_size=\u00bbmedium\u00bb css=\u00bb\u00bb][vc_column_text][\/vc_column_text][\/vc_column][vc_column width=\u00bb3\/4&#8243;][vc_column_text css=\u00bb\u00bb]<strong>Reflejos en una habitaci\u00f3n<\/strong><\/p>\n<p>Berta, una mujer madura de clase alta, lleva tiempo contratando los servicios de Alberto, un scort profesional con el que se ve una vez al mes en una habitaci\u00f3n de hotel. Un d\u00eda Alberto no puede acudir a la cita y env\u00eda a otro scort, Hugo, un muchacho de barrio mucho m\u00e1s joven e inexperto. Berta desconf\u00eda de Hugo e insiste para que se marche, pero Hugo quiere terminar el trabajo porque necesita el dinero. A partir de aqu\u00ed Berta y Hugo comenzar\u00e1n un viaje emocional en el que, a pesar de las diferencias, las desconfianzas y los prejuicios, descubrir\u00e1n que tienen m\u00e1s cosas en com\u00fan de las que cre\u00edan.[\/vc_column_text][\/vc_column][\/vc_row][vc_row][vc_column width=\u00bb1\/2&#8243;][vc_column_text css=\u00bb\u00bb]<\/p>\n<h3 style=\"text-align: justify;\"><strong><span style=\"color: #d3ab1d;\">Datos Generales<\/span><\/strong><\/h3>\n<p class=\"p1\"><strong>T\u00edtulo original: <\/strong>Reflejos en una habitaci\u00f3n<\/p>\n<p><strong>A\u00f1o:<\/strong> 2023<\/p>\n<p class=\"p1\"><strong>Duraci\u00f3n:<\/strong> 71 minutos<\/p>\n<p class=\"p1\"><b>Pa\u00eds de producci\u00f3n: <\/b>Espa\u00f1a<\/p>\n<p class=\"p1\"><strong>Direcci\u00f3n:<\/strong> Ceres Machado<\/p>\n<p class=\"p1\"><strong>Gui\u00f3n: <\/strong>Salva\u00a0Martos Cort\u00e9s<\/p>\n<p class=\"p1\"><strong>Fotograf\u00eda: <\/strong>Javier Salmones<\/p>\n<p><strong>Reparto:<\/strong> Adriana\u00a0Ozores, Alejandro Vergara<\/p>\n<p class=\"p1\"><strong>Productora: <\/strong>Ceres Machado, Dylan Moreno, V\u00edctor B\u00e1ez<\/p>\n<p class=\"p1\"><strong>Idioma: <\/strong>V.O.E<\/p>\n<p>[\/vc_column_text][\/vc_column][vc_column width=\u00bb1\/2&#8243;][vc_column_text css=\u00bb\u00bb]<\/p>\n<h3 style=\"text-align: justify;\"><strong><span style=\"color: #d3ab1d;\">G\u00e9nero<\/span><\/strong><\/h3>\n<p class=\"p1\">Drama<\/p>\n<h3><strong><span style=\"color: #d3ab1d;\">Tr\u00e1iler<\/span><\/strong><\/h3>\n<p>[\/vc_column_text][vc_video link=\u00bbhttps:\/\/youtu.be\/p96mTCrAwgA\u00bb css=\u00bb\u00bb][\/vc_column][\/vc_row]<\/p>\n<\/div>","protected":false},"excerpt":{"rendered":"<p>[vc_row][vc_column width=\u00bb1\/4&#8243;][vc_single_image image=\u00bb10398&#8243; img_size=\u00bbmedium\u00bb css=\u00bb\u00bb][vc_column_text][\/vc_column_text][\/vc_column][vc_column width=\u00bb3\/4&#8243;][vc_column_text css=\u00bb\u00bb]Reflejos en una habitaci\u00f3n Berta, una mujer madura de clase alta, lleva tiempo contratando los servicios de Alberto, un scort profesional con el que [&hellip;]<\/p>\n","protected":false},"author":1,"featured_media":0,"parent":10556,"menu_order":0,"comment_status":"closed","ping_status":"closed","template":"","meta":{"footnotes":""},"class_list":["post-10547","page","type-page","status-publish","hentry"],"yoast_head":"<!-- This site is optimized with the Yoast SEO plugin v27.5 - https:\/\/yoast.com\/product\/yoast-seo-wordpress\/ -->\n<title>Reflejos en una habitaci\u00f3n - Calella Film Festival<\/title>\n<meta name=\"robots\" content=\"index, follow, max-snippet:-1, max-image-preview:large, max-video-preview:-1\" \/>\n<link rel=\"canonical\" href=\"https:\/\/www.maresmefilmfestival.com\/es\/low-budget\/reflejos-en-una-habitacion\/\" \/>\n<meta property=\"og:locale\" content=\"es_ES\" \/>\n<meta property=\"og:type\" content=\"article\" \/>\n<meta property=\"og:title\" content=\"Reflejos en una habitaci\u00f3n - Calella Film Festival\" \/>\n<meta property=\"og:description\" content=\"[vc_row][vc_column width=\u00bb1\/4&#8243;][vc_single_image image=\u00bb10398&#8243; img_size=\u00bbmedium\u00bb css=\u00bb\u00bb][vc_column_text][\/vc_column_text][\/vc_column][vc_column width=\u00bb3\/4&#8243;][vc_column_text css=\u00bb\u00bb]Reflejos en una habitaci\u00f3n Berta, una mujer madura de clase alta, lleva tiempo contratando los servicios de Alberto, un scort profesional con el que [&hellip;]\" \/>\n<meta property=\"og:url\" content=\"https:\/\/www.maresmefilmfestival.com\/es\/low-budget\/reflejos-en-una-habitacion\/\" \/>\n<meta property=\"og:site_name\" content=\"Calella Film Festival\" \/>\n<meta property=\"article:publisher\" content=\"https:\/\/www.facebook.com\/Festival-de-Cinema-de-Calella-536425489872034\/?ref=hl\" \/>\n<meta property=\"article:modified_time\" content=\"2024-10-10T11:21:27+00:00\" \/>\n<meta name=\"twitter:card\" content=\"summary_large_image\" \/>\n<meta name=\"twitter:site\" content=\"@CalellaFilmFest\" \/>\n<meta name=\"twitter:label1\" content=\"Tiempo de lectura\" \/>\n\t<meta name=\"twitter:data1\" content=\"2 minutos\" \/>\n<script type=\"application\/ld+json\" class=\"yoast-schema-graph\">{\"@context\":\"https:\\\/\\\/schema.org\",\"@graph\":[{\"@type\":\"WebPage\",\"@id\":\"https:\\\/\\\/www.maresmefilmfestival.com\\\/es\\\/low-budget\\\/reflejos-en-una-habitacion\\\/\",\"url\":\"https:\\\/\\\/www.maresmefilmfestival.com\\\/es\\\/low-budget\\\/reflejos-en-una-habitacion\\\/\",\"name\":\"Reflejos en una habitaci\u00f3n - Calella Film Festival\",\"isPartOf\":{\"@id\":\"https:\\\/\\\/www.maresmefilmfestival.com\\\/es\\\/#website\"},\"datePublished\":\"2024-10-10T09:22:43+00:00\",\"dateModified\":\"2024-10-10T11:21:27+00:00\",\"breadcrumb\":{\"@id\":\"https:\\\/\\\/www.maresmefilmfestival.com\\\/es\\\/low-budget\\\/reflejos-en-una-habitacion\\\/#breadcrumb\"},\"inLanguage\":\"es\",\"potentialAction\":[{\"@type\":\"ReadAction\",\"target\":[\"https:\\\/\\\/www.maresmefilmfestival.com\\\/es\\\/low-budget\\\/reflejos-en-una-habitacion\\\/\"]}]},{\"@type\":\"BreadcrumbList\",\"@id\":\"https:\\\/\\\/www.maresmefilmfestival.com\\\/es\\\/low-budget\\\/reflejos-en-una-habitacion\\\/#breadcrumb\",\"itemListElement\":[{\"@type\":\"ListItem\",\"position\":1,\"name\":\"Portada\",\"item\":\"https:\\\/\\\/www.maresmefilmfestival.com\\\/es\\\/\"},{\"@type\":\"ListItem\",\"position\":2,\"name\":\"Low Budget\",\"item\":\"https:\\\/\\\/www.maresmefilmfestival.com\\\/es\\\/low-budget\\\/\"},{\"@type\":\"ListItem\",\"position\":3,\"name\":\"Reflejos en una habitaci\u00f3n\"}]},{\"@type\":\"WebSite\",\"@id\":\"https:\\\/\\\/www.maresmefilmfestival.com\\\/es\\\/#website\",\"url\":\"https:\\\/\\\/www.maresmefilmfestival.com\\\/es\\\/\",\"name\":\"Calella Film Festival\",\"description\":\"Festival de Cinema\",\"potentialAction\":[{\"@type\":\"SearchAction\",\"target\":{\"@type\":\"EntryPoint\",\"urlTemplate\":\"https:\\\/\\\/www.maresmefilmfestival.com\\\/es\\\/?s={search_term_string}\"},\"query-input\":{\"@type\":\"PropertyValueSpecification\",\"valueRequired\":true,\"valueName\":\"search_term_string\"}}],\"inLanguage\":\"es\"}]}<\/script>\n<!-- \/ Yoast SEO plugin. -->","yoast_head_json":{"title":"Reflejos en una habitaci\u00f3n - Calella Film Festival","robots":{"index":"index","follow":"follow","max-snippet":"max-snippet:-1","max-image-preview":"max-image-preview:large","max-video-preview":"max-video-preview:-1"},"canonical":"https:\/\/www.maresmefilmfestival.com\/es\/low-budget\/reflejos-en-una-habitacion\/","og_locale":"es_ES","og_type":"article","og_title":"Reflejos en una habitaci\u00f3n - Calella Film Festival","og_description":"[vc_row][vc_column width=\u00bb1\/4&#8243;][vc_single_image image=\u00bb10398&#8243; img_size=\u00bbmedium\u00bb css=\u00bb\u00bb][vc_column_text][\/vc_column_text][\/vc_column][vc_column width=\u00bb3\/4&#8243;][vc_column_text css=\u00bb\u00bb]Reflejos en una habitaci\u00f3n Berta, una mujer madura de clase alta, lleva tiempo contratando los servicios de Alberto, un scort profesional con el que [&hellip;]","og_url":"https:\/\/www.maresmefilmfestival.com\/es\/low-budget\/reflejos-en-una-habitacion\/","og_site_name":"Calella Film Festival","article_publisher":"https:\/\/www.facebook.com\/Festival-de-Cinema-de-Calella-536425489872034\/?ref=hl","article_modified_time":"2024-10-10T11:21:27+00:00","twitter_card":"summary_large_image","twitter_site":"@CalellaFilmFest","twitter_misc":{"Tiempo de lectura":"2 minutos"},"schema":{"@context":"https:\/\/schema.org","@graph":[{"@type":"WebPage","@id":"https:\/\/www.maresmefilmfestival.com\/es\/low-budget\/reflejos-en-una-habitacion\/","url":"https:\/\/www.maresmefilmfestival.com\/es\/low-budget\/reflejos-en-una-habitacion\/","name":"Reflejos en una habitaci\u00f3n - Calella Film Festival","isPartOf":{"@id":"https:\/\/www.maresmefilmfestival.com\/es\/#website"},"datePublished":"2024-10-10T09:22:43+00:00","dateModified":"2024-10-10T11:21:27+00:00","breadcrumb":{"@id":"https:\/\/www.maresmefilmfestival.com\/es\/low-budget\/reflejos-en-una-habitacion\/#breadcrumb"},"inLanguage":"es","potentialAction":[{"@type":"ReadAction","target":["https:\/\/www.maresmefilmfestival.com\/es\/low-budget\/reflejos-en-una-habitacion\/"]}]},{"@type":"BreadcrumbList","@id":"https:\/\/www.maresmefilmfestival.com\/es\/low-budget\/reflejos-en-una-habitacion\/#breadcrumb","itemListElement":[{"@type":"ListItem","position":1,"name":"Portada","item":"https:\/\/www.maresmefilmfestival.com\/es\/"},{"@type":"ListItem","position":2,"name":"Low Budget","item":"https:\/\/www.maresmefilmfestival.com\/es\/low-budget\/"},{"@type":"ListItem","position":3,"name":"Reflejos en una habitaci\u00f3n"}]},{"@type":"WebSite","@id":"https:\/\/www.maresmefilmfestival.com\/es\/#website","url":"https:\/\/www.maresmefilmfestival.com\/es\/","name":"Calella Film Festival","description":"Festival de Cinema","potentialAction":[{"@type":"SearchAction","target":{"@type":"EntryPoint","urlTemplate":"https:\/\/www.maresmefilmfestival.com\/es\/?s={search_term_string}"},"query-input":{"@type":"PropertyValueSpecification","valueRequired":true,"valueName":"search_term_string"}}],"inLanguage":"es"}]}},"_links":{"self":[{"href":"https:\/\/www.maresmefilmfestival.com\/es\/wp-json\/wp\/v2\/pages\/10547","targetHints":{"allow":["GET"]}}],"collection":[{"href":"https:\/\/www.maresmefilmfestival.com\/es\/wp-json\/wp\/v2\/pages"}],"about":[{"href":"https:\/\/www.maresmefilmfestival.com\/es\/wp-json\/wp\/v2\/types\/page"}],"author":[{"embeddable":true,"href":"https:\/\/www.maresmefilmfestival.com\/es\/wp-json\/wp\/v2\/users\/1"}],"replies":[{"embeddable":true,"href":"https:\/\/www.maresmefilmfestival.com\/es\/wp-json\/wp\/v2\/comments?post=10547"}],"version-history":[{"count":0,"href":"https:\/\/www.maresmefilmfestival.com\/es\/wp-json\/wp\/v2\/pages\/10547\/revisions"}],"up":[{"embeddable":true,"href":"https:\/\/www.maresmefilmfestival.com\/es\/wp-json\/wp\/v2\/pages\/10556"}],"wp:attachment":[{"href":"https:\/\/www.maresmefilmfestival.com\/es\/wp-json\/wp\/v2\/media?parent=10547"}],"curies":[{"name":"wp","href":"https:\/\/api.w.org\/{rel}","templated":true}]}}