{"id":10542,"date":"2024-10-10T10:20:09","date_gmt":"2024-10-10T09:20:09","guid":{"rendered":"https:\/\/www.maresmefilmfestival.com\/sin-el\/"},"modified":"2024-10-10T12:19:22","modified_gmt":"2024-10-10T11:19:22","slug":"sin-el","status":"publish","type":"page","link":"https:\/\/www.maresmefilmfestival.com\/es\/low-budget\/sin-el\/","title":{"rendered":"Sin \u00e9l"},"content":{"rendered":"<div class=\"wpb-content-wrapper\"><p>[vc_row][vc_column width=\u00bb1\/4&#8243;][vc_single_image image=\u00bb10401&#8243; img_size=\u00bbmedium\u00bb css=\u00bb\u00bb][vc_column_text][\/vc_column_text][\/vc_column][vc_column width=\u00bb3\/4&#8243;][vc_column_text css=\u00bb\u00bb]<strong>Sin \u00e9l<\/strong><\/p>\n<p>Inma (enfermera, cuarenta y pocos a\u00f1os, mirada triste aunque atractiva) ve, en estado de shock, como un dispositivo del Samur, deposita el cad\u00e1ver de Jairo, su pareja, envuelto en una bolsa mortuoria, en la habitaci\u00f3n de invitados y establecen un peque\u00f1o per\u00edmetro sanitario precintando la habitaci\u00f3n.<br \/>\nDebido a la saturaci\u00f3n de las casas f\u00fanebres y morgues de hospitales por la situaci\u00f3n sanitaria, el cuerpo tiene que quedar aislado durante 48 horas. Durante este periodo es necesario que mantenga un r\u00e9gimen de confinamiento total hasta que puedan hacerles las pruebas pertinentes a los dos y consigan un sitio para depositarlo.[\/vc_column_text][\/vc_column][\/vc_row][vc_row][vc_column width=\u00bb1\/2&#8243;][vc_column_text css=\u00bb\u00bb]<\/p>\n<h3 style=\"text-align: justify;\"><strong><span style=\"color: #d3ab1d;\">Datos Generales<\/span><\/strong><\/h3>\n<p class=\"p1\"><strong>T\u00edtulo original: <\/strong>Sin \u00e9l<\/p>\n<p><strong>A\u00f1o:<\/strong> 2024<\/p>\n<p class=\"p1\"><strong>Duraci\u00f3n:<\/strong> 72 minutos<\/p>\n<p class=\"p1\"><b>Pa\u00eds de producci\u00f3n: <\/b>Espa\u00f1a<\/p>\n<p class=\"p1\"><strong>Direcci\u00f3n:<\/strong>\u00a0Emilio Mart\u00ednez-Borso Leger\u00e9n<\/p>\n<p class=\"p1\"><strong>Gui\u00f3n: <\/strong>Emilio Mart\u00ednez-Borso Leger\u00e9n<\/p>\n<p class=\"p1\"><strong>Fotograf\u00eda: <\/strong>Mar\u00eda\u00a0Mu\u00f1oz Cari\u00f1o<\/p>\n<p><strong>Reparto:<\/strong> Aleida\u00a0Torrent, David \u00a0Marc\u00e8, Aida\u00a0Flix<\/p>\n<p class=\"p1\"><strong>Productora: <\/strong>Daniel M. Caneiro, Pau\u00a0Guix\u00e0<\/p>\n<p class=\"p1\"><strong>Idioma: <\/strong>V.O.E<\/p>\n<p>[\/vc_column_text][\/vc_column][vc_column width=\u00bb1\/2&#8243;][vc_column_text css=\u00bb\u00bb]<\/p>\n<h3 style=\"text-align: justify;\"><strong><span style=\"color: #d3ab1d;\">G\u00e9nero<\/span><\/strong><\/h3>\n<p class=\"p1\">Drama, terror psicol\u00f3gico<\/p>\n<h3><strong><span style=\"color: #d3ab1d;\">Tr\u00e1iler<\/span><\/strong><\/h3>\n<p>[\/vc_column_text][vc_video link=\u00bbhttps:\/\/youtu.be\/yHfElmeoziE\u00bb css=\u00bb\u00bb][\/vc_column][\/vc_row]<\/p>\n<\/div>","protected":false},"excerpt":{"rendered":"<p>[vc_row][vc_column width=\u00bb1\/4&#8243;][vc_single_image image=\u00bb10401&#8243; img_size=\u00bbmedium\u00bb css=\u00bb\u00bb][vc_column_text][\/vc_column_text][\/vc_column][vc_column width=\u00bb3\/4&#8243;][vc_column_text css=\u00bb\u00bb]Sin \u00e9l Inma (enfermera, cuarenta y pocos a\u00f1os, mirada triste aunque atractiva) ve, en estado de shock, como un dispositivo del Samur, deposita el [&hellip;]<\/p>\n","protected":false},"author":1,"featured_media":0,"parent":10556,"menu_order":0,"comment_status":"closed","ping_status":"closed","template":"","meta":{"footnotes":""},"class_list":["post-10542","page","type-page","status-publish","hentry"],"yoast_head":"<!-- This site is optimized with the Yoast SEO plugin v27.5 - https:\/\/yoast.com\/product\/yoast-seo-wordpress\/ -->\n<title>Sin \u00e9l - Calella Film Festival<\/title>\n<meta name=\"robots\" content=\"index, follow, max-snippet:-1, max-image-preview:large, max-video-preview:-1\" \/>\n<link rel=\"canonical\" href=\"https:\/\/www.maresmefilmfestival.com\/es\/low-budget\/sin-el\/\" \/>\n<meta property=\"og:locale\" content=\"es_ES\" \/>\n<meta property=\"og:type\" content=\"article\" \/>\n<meta property=\"og:title\" content=\"Sin \u00e9l - Calella Film Festival\" \/>\n<meta property=\"og:description\" content=\"[vc_row][vc_column width=\u00bb1\/4&#8243;][vc_single_image image=\u00bb10401&#8243; img_size=\u00bbmedium\u00bb css=\u00bb\u00bb][vc_column_text][\/vc_column_text][\/vc_column][vc_column width=\u00bb3\/4&#8243;][vc_column_text css=\u00bb\u00bb]Sin \u00e9l Inma (enfermera, cuarenta y pocos a\u00f1os, mirada triste aunque atractiva) ve, en estado de shock, como un dispositivo del Samur, deposita el [&hellip;]\" \/>\n<meta property=\"og:url\" content=\"https:\/\/www.maresmefilmfestival.com\/es\/low-budget\/sin-el\/\" \/>\n<meta property=\"og:site_name\" content=\"Calella Film Festival\" \/>\n<meta property=\"article:publisher\" content=\"https:\/\/www.facebook.com\/Festival-de-Cinema-de-Calella-536425489872034\/?ref=hl\" \/>\n<meta property=\"article:modified_time\" content=\"2024-10-10T11:19:22+00:00\" \/>\n<meta name=\"twitter:card\" content=\"summary_large_image\" \/>\n<meta name=\"twitter:site\" content=\"@CalellaFilmFest\" \/>\n<meta name=\"twitter:label1\" content=\"Tiempo de lectura\" \/>\n\t<meta name=\"twitter:data1\" content=\"1 minuto\" \/>\n<script type=\"application\/ld+json\" class=\"yoast-schema-graph\">{\"@context\":\"https:\\\/\\\/schema.org\",\"@graph\":[{\"@type\":\"WebPage\",\"@id\":\"https:\\\/\\\/www.maresmefilmfestival.com\\\/es\\\/low-budget\\\/sin-el\\\/\",\"url\":\"https:\\\/\\\/www.maresmefilmfestival.com\\\/es\\\/low-budget\\\/sin-el\\\/\",\"name\":\"Sin \u00e9l - Calella Film Festival\",\"isPartOf\":{\"@id\":\"https:\\\/\\\/www.maresmefilmfestival.com\\\/es\\\/#website\"},\"datePublished\":\"2024-10-10T09:20:09+00:00\",\"dateModified\":\"2024-10-10T11:19:22+00:00\",\"breadcrumb\":{\"@id\":\"https:\\\/\\\/www.maresmefilmfestival.com\\\/es\\\/low-budget\\\/sin-el\\\/#breadcrumb\"},\"inLanguage\":\"es\",\"potentialAction\":[{\"@type\":\"ReadAction\",\"target\":[\"https:\\\/\\\/www.maresmefilmfestival.com\\\/es\\\/low-budget\\\/sin-el\\\/\"]}]},{\"@type\":\"BreadcrumbList\",\"@id\":\"https:\\\/\\\/www.maresmefilmfestival.com\\\/es\\\/low-budget\\\/sin-el\\\/#breadcrumb\",\"itemListElement\":[{\"@type\":\"ListItem\",\"position\":1,\"name\":\"Portada\",\"item\":\"https:\\\/\\\/www.maresmefilmfestival.com\\\/es\\\/\"},{\"@type\":\"ListItem\",\"position\":2,\"name\":\"Low Budget\",\"item\":\"https:\\\/\\\/www.maresmefilmfestival.com\\\/es\\\/low-budget\\\/\"},{\"@type\":\"ListItem\",\"position\":3,\"name\":\"Sin \u00e9l\"}]},{\"@type\":\"WebSite\",\"@id\":\"https:\\\/\\\/www.maresmefilmfestival.com\\\/es\\\/#website\",\"url\":\"https:\\\/\\\/www.maresmefilmfestival.com\\\/es\\\/\",\"name\":\"Calella Film Festival\",\"description\":\"Festival de Cinema\",\"potentialAction\":[{\"@type\":\"SearchAction\",\"target\":{\"@type\":\"EntryPoint\",\"urlTemplate\":\"https:\\\/\\\/www.maresmefilmfestival.com\\\/es\\\/?s={search_term_string}\"},\"query-input\":{\"@type\":\"PropertyValueSpecification\",\"valueRequired\":true,\"valueName\":\"search_term_string\"}}],\"inLanguage\":\"es\"}]}<\/script>\n<!-- \/ Yoast SEO plugin. -->","yoast_head_json":{"title":"Sin \u00e9l - Calella Film Festival","robots":{"index":"index","follow":"follow","max-snippet":"max-snippet:-1","max-image-preview":"max-image-preview:large","max-video-preview":"max-video-preview:-1"},"canonical":"https:\/\/www.maresmefilmfestival.com\/es\/low-budget\/sin-el\/","og_locale":"es_ES","og_type":"article","og_title":"Sin \u00e9l - Calella Film Festival","og_description":"[vc_row][vc_column width=\u00bb1\/4&#8243;][vc_single_image image=\u00bb10401&#8243; img_size=\u00bbmedium\u00bb css=\u00bb\u00bb][vc_column_text][\/vc_column_text][\/vc_column][vc_column width=\u00bb3\/4&#8243;][vc_column_text css=\u00bb\u00bb]Sin \u00e9l Inma (enfermera, cuarenta y pocos a\u00f1os, mirada triste aunque atractiva) ve, en estado de shock, como un dispositivo del Samur, deposita el [&hellip;]","og_url":"https:\/\/www.maresmefilmfestival.com\/es\/low-budget\/sin-el\/","og_site_name":"Calella Film Festival","article_publisher":"https:\/\/www.facebook.com\/Festival-de-Cinema-de-Calella-536425489872034\/?ref=hl","article_modified_time":"2024-10-10T11:19:22+00:00","twitter_card":"summary_large_image","twitter_site":"@CalellaFilmFest","twitter_misc":{"Tiempo de lectura":"1 minuto"},"schema":{"@context":"https:\/\/schema.org","@graph":[{"@type":"WebPage","@id":"https:\/\/www.maresmefilmfestival.com\/es\/low-budget\/sin-el\/","url":"https:\/\/www.maresmefilmfestival.com\/es\/low-budget\/sin-el\/","name":"Sin \u00e9l - Calella Film Festival","isPartOf":{"@id":"https:\/\/www.maresmefilmfestival.com\/es\/#website"},"datePublished":"2024-10-10T09:20:09+00:00","dateModified":"2024-10-10T11:19:22+00:00","breadcrumb":{"@id":"https:\/\/www.maresmefilmfestival.com\/es\/low-budget\/sin-el\/#breadcrumb"},"inLanguage":"es","potentialAction":[{"@type":"ReadAction","target":["https:\/\/www.maresmefilmfestival.com\/es\/low-budget\/sin-el\/"]}]},{"@type":"BreadcrumbList","@id":"https:\/\/www.maresmefilmfestival.com\/es\/low-budget\/sin-el\/#breadcrumb","itemListElement":[{"@type":"ListItem","position":1,"name":"Portada","item":"https:\/\/www.maresmefilmfestival.com\/es\/"},{"@type":"ListItem","position":2,"name":"Low Budget","item":"https:\/\/www.maresmefilmfestival.com\/es\/low-budget\/"},{"@type":"ListItem","position":3,"name":"Sin \u00e9l"}]},{"@type":"WebSite","@id":"https:\/\/www.maresmefilmfestival.com\/es\/#website","url":"https:\/\/www.maresmefilmfestival.com\/es\/","name":"Calella Film Festival","description":"Festival de Cinema","potentialAction":[{"@type":"SearchAction","target":{"@type":"EntryPoint","urlTemplate":"https:\/\/www.maresmefilmfestival.com\/es\/?s={search_term_string}"},"query-input":{"@type":"PropertyValueSpecification","valueRequired":true,"valueName":"search_term_string"}}],"inLanguage":"es"}]}},"_links":{"self":[{"href":"https:\/\/www.maresmefilmfestival.com\/es\/wp-json\/wp\/v2\/pages\/10542","targetHints":{"allow":["GET"]}}],"collection":[{"href":"https:\/\/www.maresmefilmfestival.com\/es\/wp-json\/wp\/v2\/pages"}],"about":[{"href":"https:\/\/www.maresmefilmfestival.com\/es\/wp-json\/wp\/v2\/types\/page"}],"author":[{"embeddable":true,"href":"https:\/\/www.maresmefilmfestival.com\/es\/wp-json\/wp\/v2\/users\/1"}],"replies":[{"embeddable":true,"href":"https:\/\/www.maresmefilmfestival.com\/es\/wp-json\/wp\/v2\/comments?post=10542"}],"version-history":[{"count":0,"href":"https:\/\/www.maresmefilmfestival.com\/es\/wp-json\/wp\/v2\/pages\/10542\/revisions"}],"up":[{"embeddable":true,"href":"https:\/\/www.maresmefilmfestival.com\/es\/wp-json\/wp\/v2\/pages\/10556"}],"wp:attachment":[{"href":"https:\/\/www.maresmefilmfestival.com\/es\/wp-json\/wp\/v2\/media?parent=10542"}],"curies":[{"name":"wp","href":"https:\/\/api.w.org\/{rel}","templated":true}]}}